{"id":239,"date":"2017-01-31T18:57:59","date_gmt":"2017-01-31T18:57:59","guid":{"rendered":"http:\/\/inaspang.de\/?page_id=239"},"modified":"2022-09-22T16:02:13","modified_gmt":"2022-09-22T16:02:13","slug":"illustration","status":"publish","type":"page","link":"https:\/\/inaspang.de\/?page_id=239","title":{"rendered":"Illustration"},"content":{"rendered":"<p><img data-attachment-id=\"220\" data-permalink=\"https:\/\/inaspang.de\/?attachment_id=220\" data-orig-file=\"https:\/\/i0.wp.com\/inaspang.de\/wp-content\/uploads\/2017\/01\/Ina-Spang-M\u00fcnchen-Illustration-Bilderb\u00fccher-Kinderb\u00fccher-Jugendliteratur.jpg?fit=1403%2C1761&amp;ssl=1\" data-orig-size=\"1403,1761\" data-comments-opened=\"1\" data-image-meta=\"{&quot;aperture&quot;:&quot;0&quot;,&quot;credit&quot;:&quot;&quot;,&quot;camera&quot;:&quot;&quot;,&quot;caption&quot;:&quot;&quot;,&quot;created_timestamp&quot;:&quot;0&quot;,&quot;copyright&quot;:&quot;&quot;,&quot;focal_length&quot;:&quot;0&quot;,&quot;iso&quot;:&quot;0&quot;,&quot;shutter_speed&quot;:&quot;0&quot;,&quot;title&quot;:&quot;&quot;,&quot;orientation&quot;:&quot;1&quot;}\" data-image-title=\"Ina Spang M\u00fcnchen Illustration Bilderb\u00fccher Kinderb\u00fccher Jugendliteratur\" data-image-description=\"\" data-image-caption=\"\" data-medium-file=\"https:\/\/i0.wp.com\/inaspang.de\/wp-content\/uploads\/2017\/01\/Ina-Spang-M\u00fcnchen-Illustration-Bilderb\u00fccher-Kinderb\u00fccher-Jugendliteratur.jpg?fit=239%2C300&amp;ssl=1\" data-large-file=\"https:\/\/i0.wp.com\/inaspang.de\/wp-content\/uploads\/2017\/01\/Ina-Spang-M\u00fcnchen-Illustration-Bilderb\u00fccher-Kinderb\u00fccher-Jugendliteratur.jpg?fit=816%2C1024&amp;ssl=1\" decoding=\"async\" loading=\"lazy\" class=\"alignnone size-full wp-image-220\" src=\"https:\/\/i0.wp.com\/inaspang.de\/wp-content\/uploads\/2017\/01\/Ina-Spang-M\u00fcnchen-Illustration-Bilderb\u00fccher-Kinderb\u00fccher-Jugendliteratur.jpg?resize=880%2C1105\" alt=\"\" width=\"880\" height=\"1105\" srcset=\"https:\/\/i0.wp.com\/inaspang.de\/wp-content\/uploads\/2017\/01\/Ina-Spang-M\u00fcnchen-Illustration-Bilderb\u00fccher-Kinderb\u00fccher-Jugendliteratur.jpg?w=1403&amp;ssl=1 1403w, https:\/\/i0.wp.com\/inaspang.de\/wp-content\/uploads\/2017\/01\/Ina-Spang-M\u00fcnchen-Illustration-Bilderb\u00fccher-Kinderb\u00fccher-Jugendliteratur.jpg?resize=239%2C300&amp;ssl=1 239w, https:\/\/i0.wp.com\/inaspang.de\/wp-content\/uploads\/2017\/01\/Ina-Spang-M\u00fcnchen-Illustration-Bilderb\u00fccher-Kinderb\u00fccher-Jugendliteratur.jpg?resize=768%2C964&amp;ssl=1 768w, https:\/\/i0.wp.com\/inaspang.de\/wp-content\/uploads\/2017\/01\/Ina-Spang-M\u00fcnchen-Illustration-Bilderb\u00fccher-Kinderb\u00fccher-Jugendliteratur.jpg?resize=816%2C1024&amp;ssl=1 816w, https:\/\/i0.wp.com\/inaspang.de\/wp-content\/uploads\/2017\/01\/Ina-Spang-M\u00fcnchen-Illustration-Bilderb\u00fccher-Kinderb\u00fccher-Jugendliteratur.jpg?resize=880%2C1105&amp;ssl=1 880w, https:\/\/i0.wp.com\/inaspang.de\/wp-content\/uploads\/2017\/01\/Ina-Spang-M\u00fcnchen-Illustration-Bilderb\u00fccher-Kinderb\u00fccher-Jugendliteratur.jpg?resize=220%2C276&amp;ssl=1 220w\" sizes=\"(max-width: 880px) 100vw, 880px\" data-recalc-dims=\"1\" \/><\/p>\n<p><img data-attachment-id=\"256\" data-permalink=\"https:\/\/inaspang.de\/?attachment_id=256\" data-orig-file=\"https:\/\/i0.wp.com\/inaspang.de\/wp-content\/uploads\/2017\/01\/Ina-Spang-M\u00fcnchen-Illustration.jpg?fit=1920%2C2343&amp;ssl=1\" data-orig-size=\"1920,2343\" data-comments-opened=\"1\" data-image-meta=\"{&quot;aperture&quot;:&quot;0&quot;,&quot;credit&quot;:&quot;&quot;,&quot;camera&quot;:&quot;&quot;,&quot;caption&quot;:&quot;&quot;,&quot;created_timestamp&quot;:&quot;0&quot;,&quot;copyright&quot;:&quot;&quot;,&quot;focal_length&quot;:&quot;0&quot;,&quot;iso&quot;:&quot;0&quot;,&quot;shutter_speed&quot;:&quot;0&quot;,&quot;title&quot;:&quot;&quot;,&quot;orientation&quot;:&quot;1&quot;}\" data-image-title=\"Ina Spang M\u00fcnchen Illustration\" data-image-description=\"\" data-image-caption=\"\" data-medium-file=\"https:\/\/i0.wp.com\/inaspang.de\/wp-content\/uploads\/2017\/01\/Ina-Spang-M\u00fcnchen-Illustration.jpg?fit=246%2C300&amp;ssl=1\" data-large-file=\"https:\/\/i0.wp.com\/inaspang.de\/wp-content\/uploads\/2017\/01\/Ina-Spang-M\u00fcnchen-Illustration.jpg?fit=839%2C1024&amp;ssl=1\" decoding=\"async\" loading=\"lazy\" class=\"alignnone size-full wp-image-256\" src=\"https:\/\/i0.wp.com\/inaspang.de\/wp-content\/uploads\/2017\/01\/Ina-Spang-M\u00fcnchen-Illustration.jpg?resize=880%2C1074\" alt=\"\" width=\"880\" height=\"1074\" srcset=\"https:\/\/i0.wp.com\/inaspang.de\/wp-content\/uploads\/2017\/01\/Ina-Spang-M\u00fcnchen-Illustration.jpg?w=1920&amp;ssl=1 1920w, https:\/\/i0.wp.com\/inaspang.de\/wp-content\/uploads\/2017\/01\/Ina-Spang-M\u00fcnchen-Illustration.jpg?resize=246%2C300&amp;ssl=1 246w, https:\/\/i0.wp.com\/inaspang.de\/wp-content\/uploads\/2017\/01\/Ina-Spang-M\u00fcnchen-Illustration.jpg?resize=768%2C937&amp;ssl=1 768w, https:\/\/i0.wp.com\/inaspang.de\/wp-content\/uploads\/2017\/01\/Ina-Spang-M\u00fcnchen-Illustration.jpg?resize=839%2C1024&amp;ssl=1 839w, https:\/\/i0.wp.com\/inaspang.de\/wp-content\/uploads\/2017\/01\/Ina-Spang-M\u00fcnchen-Illustration.jpg?resize=880%2C1074&amp;ssl=1 880w, https:\/\/i0.wp.com\/inaspang.de\/wp-content\/uploads\/2017\/01\/Ina-Spang-M\u00fcnchen-Illustration.jpg?resize=220%2C268&amp;ssl=1 220w, https:\/\/i0.wp.com\/inaspang.de\/wp-content\/uploads\/2017\/01\/Ina-Spang-M\u00fcnchen-Illustration.jpg?w=1760 1760w\" sizes=\"(max-width: 880px) 100vw, 880px\" data-recalc-dims=\"1\" \/><\/p>\n<p><span style=\"color: #808080;\"><strong><span style=\"font-family: 'Lucida Bright';\">Ver\u00f6ffentlichungen:<\/span><\/strong><\/span><\/p>\n<p><span style=\"color: #808080;\"><span style=\"font-family: 'Lucida Bright';\"><a style=\"color: #808080;\" href=\"https:\/\/www.ulli-verlag.de\/shop\/b%C3%BCcher\/sommer-irgendwann\/\" target=\"_blank\" rel=\"noopener\"><strong>Sommer, irgendwann<\/strong><\/a> (2022)<strong><br \/><\/strong>96 Seiten, Kurzgeschichten, Lyrik und Bildkunst von Ina Spang<br \/><\/span><span style=\"font-family: 'Lucida Bright';\"><span style=\"color: #808080;\"><a style=\"color: #808080;\" href=\"https:\/\/www.ulli-verlag.de\/\" target=\"_blank\" rel=\"noopener\">Ulli Verlag<\/a><\/span><br \/>ISBN: 978-3-947926-10-7<\/span><\/span><\/p>\n<p><span style=\"color: #808080;\"><span style=\"font-family: 'Lucida Bright';\"><a style=\"color: #808080;\" href=\"https:\/\/www.ulli-verlag.de\/shop\/b%C3%BCcher\/malbuch-ich-bin\/\" target=\"_blank\" rel=\"noopener\"><b>Ausmalbuch &#8222;Ich bin&#8220; &#8211; Schr\u00e4ge K\u00f6pfe zum Ausmalen<\/b><\/a> (2021)<strong><br \/><\/strong>58-seitiges Ausmalbuch mit kleinen Geschichten<br \/><\/span><span style=\"font-family: 'Lucida Bright';\"><a style=\"color: #808080;\" href=\"https:\/\/www.ulli-verlag.de\/\" target=\"_blank\" rel=\"noopener\">Ulli Verlag<\/a><\/span><\/span><\/p>\n<p><span style=\"font-family: 'Lucida Bright'; color: #808080;\"><a style=\"color: #808080;\" href=\"https:\/\/www.ulli-verlag.de\/korbinian-knopf\/\" target=\"_blank\" rel=\"noopener\"><strong>Korbinian Knopf<\/strong><\/a> (2021)<\/span><br \/><span style=\"font-family: 'Lucida Bright'; color: #808080;\">32-seitiges Bilderbuch f\u00fcr Kinder ab 3 Jahren<strong><br \/><\/strong>Text &amp; Illustration: Ina Spang<br \/><span style=\"color: #808080;\"><span style=\"font-family: 'Lucida Bright';\"><a style=\"color: #808080;\" href=\"https:\/\/www.ulli-verlag.de\/\" target=\"_blank\" rel=\"noopener\">Ulli Verlag<\/a><\/span><\/span><br \/><\/span><span style=\"font-family: 'Lucida Bright'; color: #808080;\">ISBN: 978-3-947926-12-1<\/span><\/p>\n<p><span style=\"color: #808080; font-family: 'Lucida Bright';\"><a style=\"color: #808080;\" href=\"https:\/\/www.ulli-verlag.de\/wenn-gedanken-tanzen\/\" target=\"_blank\" rel=\"noopener\"><strong>Wenn Gedanken tanzen <\/strong><\/a>(2021)<\/span><br \/><span style=\"color: #808080; font-family: 'Lucida Bright';\">72-seitiger Gedichtband<strong><br \/><\/strong>Text: Marie Theres Herbst, Layout &amp; Illustration: Ina Spang<\/span><br \/><span style=\"color: #808080; font-family: 'Lucida Bright';\"><span style=\"color: #808080;\"><span style=\"font-family: 'Lucida Bright';\"><a style=\"color: #808080;\" href=\"https:\/\/www.ulli-verlag.de\/\" target=\"_blank\" rel=\"noopener\">Ulli Verlag<\/a><\/span><\/span><br \/>ISBN: 978-3-947926-09-1<\/span><\/p>\n<p><span style=\"font-family: 'Lucida Bright'; color: #808080;\"><a style=\"color: #808080;\" href=\"https:\/\/www.ulli-verlag.de\/ganz-hoch-oben\/\" target=\"_blank\" rel=\"noopener\"><strong>Ganz hoch oben! Schaffen wir das?<\/strong><\/a> (2019)<\/span><br \/><span style=\"font-family: 'Lucida Bright'; color: #808080;\">32-seitiges Bilderbuch f\u00fcr Kinder ab 3 Jahren<strong><br \/><\/strong>Text: Melissa Bruder, Illustration: Ina Spang<\/span><br \/><span style=\"font-family: 'Lucida Bright'; color: #808080;\"><span style=\"color: #808080;\"><span style=\"font-family: 'Lucida Bright';\"><a style=\"color: #808080;\" href=\"https:\/\/www.ulli-verlag.de\/\" target=\"_blank\" rel=\"noopener\">Ulli Verlag<\/a><\/span><\/span><br \/>ISBN: \u00a0978-3-947926-07-7<\/span><\/p>\n<p><span style=\"font-family: 'Lucida Bright'; color: #808080;\"><a style=\"color: #808080;\" href=\"https:\/\/www.ulli-verlag.de\/rhino-regenbogen\/\" target=\"_blank\" rel=\"noopener\"><strong>Rhino sucht ein neues Zuhause\u00a0<\/strong><\/a>(2018)<\/span><br \/><span style=\"font-family: 'Lucida Bright'; color: #808080;\">32-seitiges Bilderbuch f\u00fcr Kinder ab 3 Jahren<strong><br \/><\/strong>Text &amp; Illustration: Ina Spang<br \/><span style=\"color: #808080;\"><span style=\"font-family: 'Lucida Bright';\"><a style=\"color: #808080;\" href=\"https:\/\/www.ulli-verlag.de\/\" target=\"_blank\" rel=\"noopener\">Ulli Verlag<\/a><\/span><\/span><\/span><br \/><span style=\"font-family: 'Lucida Bright'; color: #808080;\">ISBN: 978-3-947926-04-6<\/span><\/p>\n\n\n<p><\/p>\n","protected":false},"excerpt":{"rendered":"<p>Ver\u00f6ffentlichungen: Sommer, irgendwann (2022)96 Seiten, Kurzgeschichten, Lyrik und Bildkunst von Ina SpangUlli VerlagISBN: 978-3-947926-10-7 Ausmalbuch &#8222;Ich bin&#8220; &#8211; Schr\u00e4ge K\u00f6pfe zum Ausmalen (2021)58-seitiges Ausmalbuch mit kleinen GeschichtenUlli Verlag Korbinian Knopf (2021)32-seitiges Bilderbuch f\u00fcr Kinder ab 3 JahrenText &amp; Illustration: Ina SpangUlli VerlagISBN: 978-3-947926-12-1 Wenn Gedanken tanzen (2021)72-seitiger GedichtbandText: Marie Theres Herbst, Layout &amp; Illustration: Ina [&hellip;]<\/p>\n","protected":false},"author":1,"featured_media":0,"parent":0,"menu_order":4,"comment_status":"closed","ping_status":"closed","template":"","meta":[],"jetpack_sharing_enabled":true,"jetpack_shortlink":"https:\/\/wp.me\/P8kUCJ-3R","jetpack-related-posts":[{"id":231,"url":"https:\/\/inaspang.de\/?page_id=231","url_meta":{"origin":239,"position":0},"title":"Lyrik","author":"InaSpang","date":"Januar 31, 2017","format":false,"excerpt":"Ver\u00f6ffentlichungen: Sommer, irgendwann (2022) Kurzgeschichten, Lyrik und Bildkunst von Ina Spang Ulli Verlag ISBN: 978-3-947926-10-7 Jedem Anfang (2020) mit Eimer voller L\u00f6cher herausgegeben von Stephanie Mattner & Nadja Feischner ISBN: 978-3-7519-2141-1 Gefangensein - Drinnen & Drau\u00dfen\u00a0(2018) mit Farboasen muc Verlag Aufgehen in Dir (2016) mit\u00a0Aus Natur, zerw\u00fchlt\u00a0&\u00a0Zwischen fremden Orten herausgegeben\u2026","rel":"","context":"\u00c4hnlicher Beitrag","block_context":{"text":"\u00c4hnlicher Beitrag","link":""},"img":{"alt_text":"","src":"https:\/\/i0.wp.com\/inaspang.de\/wp-content\/uploads\/2017\/01\/Ina-Spang-Lyrik-M\u00c3\u00bcnchen-Autorin-Gedicht.jpg?resize=350%2C200","width":350,"height":200,"srcset":"https:\/\/i0.wp.com\/inaspang.de\/wp-content\/uploads\/2017\/01\/Ina-Spang-Lyrik-M\u00c3\u00bcnchen-Autorin-Gedicht.jpg?resize=350%2C200 1x, https:\/\/i0.wp.com\/inaspang.de\/wp-content\/uploads\/2017\/01\/Ina-Spang-Lyrik-M\u00c3\u00bcnchen-Autorin-Gedicht.jpg?resize=525%2C300 1.5x, https:\/\/i0.wp.com\/inaspang.de\/wp-content\/uploads\/2017\/01\/Ina-Spang-Lyrik-M\u00c3\u00bcnchen-Autorin-Gedicht.jpg?resize=700%2C400 2x, https:\/\/i0.wp.com\/inaspang.de\/wp-content\/uploads\/2017\/01\/Ina-Spang-Lyrik-M\u00c3\u00bcnchen-Autorin-Gedicht.jpg?resize=1050%2C600 3x, https:\/\/i0.wp.com\/inaspang.de\/wp-content\/uploads\/2017\/01\/Ina-Spang-Lyrik-M\u00c3\u00bcnchen-Autorin-Gedicht.jpg?resize=1400%2C800 4x"},"classes":[]},{"id":233,"url":"https:\/\/inaspang.de\/?page_id=233","url_meta":{"origin":239,"position":1},"title":"Prosa","author":"InaSpang","date":"Januar 31, 2017","format":false,"excerpt":"Ver\u00f6ffentlichungen: Sommer, irgendwann (2022) Kurzgeschichten, Lyrik und Bildkunst von Ina Spang Ulli Verlag ISBN: 978-3-947926-10-7 Zeitentanz\u00a0(2017) mit Wenn der Wind schlecht steht herausgegeben von Stephanie Mattner ISBN: 978-3-7448-3352-3 2. Bubenreuther Literaturwettbewerb (2016) mit Gelbe Punkte treditionVerlag, Hrsg. Christoph-Maria Liegener ISBN: 978-3-7345-6223-5 Texte des Monats 2016 (2016) mit Es wird morgen\u2026","rel":"","context":"\u00c4hnlicher Beitrag","block_context":{"text":"\u00c4hnlicher Beitrag","link":""},"img":{"alt_text":"","src":"https:\/\/i0.wp.com\/inaspang.de\/wp-content\/uploads\/2017\/01\/Ina-Spang-Prosa-M\u00c3\u00bcnchen-Autorin-Kurzgeschichtent.jpg?resize=350%2C200","width":350,"height":200,"srcset":"https:\/\/i0.wp.com\/inaspang.de\/wp-content\/uploads\/2017\/01\/Ina-Spang-Prosa-M\u00c3\u00bcnchen-Autorin-Kurzgeschichtent.jpg?resize=350%2C200 1x, https:\/\/i0.wp.com\/inaspang.de\/wp-content\/uploads\/2017\/01\/Ina-Spang-Prosa-M\u00c3\u00bcnchen-Autorin-Kurzgeschichtent.jpg?resize=525%2C300 1.5x, https:\/\/i0.wp.com\/inaspang.de\/wp-content\/uploads\/2017\/01\/Ina-Spang-Prosa-M\u00c3\u00bcnchen-Autorin-Kurzgeschichtent.jpg?resize=700%2C400 2x, https:\/\/i0.wp.com\/inaspang.de\/wp-content\/uploads\/2017\/01\/Ina-Spang-Prosa-M\u00c3\u00bcnchen-Autorin-Kurzgeschichtent.jpg?resize=1050%2C600 3x, https:\/\/i0.wp.com\/inaspang.de\/wp-content\/uploads\/2017\/01\/Ina-Spang-Prosa-M\u00c3\u00bcnchen-Autorin-Kurzgeschichtent.jpg?resize=1400%2C800 4x"},"classes":[]},{"id":237,"url":"https:\/\/inaspang.de\/?page_id=237","url_meta":{"origin":239,"position":2},"title":"Kinder- &#038; Jugendliteratur","author":"InaSpang","date":"Januar 31, 2017","format":false,"excerpt":"Ver\u00f6ffentlichungen: Korbinian Knopf (2021)32-seitiges Bilderbuch f\u00fcr Kinder ab 3 JahrenText & Illustration: Ina SpangUlli VerlagISBN: 978-3-947926-12-1 Ausmalbuch \"Ich bin\" - Schr\u00e4ge K\u00f6pfe zum Ausmalen (2021)58-seitiges Ausmalbuch mit kleinen GeschichtenUlli Verlag Rhino sucht ein neues Zuhause (2018)32-seitiges Bilderbuch f\u00fcr Kinder ab 3 JahrenText & Illustration: Ina SpangUlli VerlagISBN: 978-3-947926-04-6 Dann &\u2026","rel":"","context":"\u00c4hnlicher Beitrag","block_context":{"text":"\u00c4hnlicher Beitrag","link":""},"img":{"alt_text":"","src":"https:\/\/i0.wp.com\/inaspang.de\/wp-content\/uploads\/2017\/01\/Ina-Spang-M\u00c3\u00bcnchen-Autorin-Kinderb\u00c3\u00bccher-Jugendliteratur.jpg?resize=350%2C200","width":350,"height":200,"srcset":"https:\/\/i0.wp.com\/inaspang.de\/wp-content\/uploads\/2017\/01\/Ina-Spang-M\u00c3\u00bcnchen-Autorin-Kinderb\u00c3\u00bccher-Jugendliteratur.jpg?resize=350%2C200 1x, https:\/\/i0.wp.com\/inaspang.de\/wp-content\/uploads\/2017\/01\/Ina-Spang-M\u00c3\u00bcnchen-Autorin-Kinderb\u00c3\u00bccher-Jugendliteratur.jpg?resize=525%2C300 1.5x, https:\/\/i0.wp.com\/inaspang.de\/wp-content\/uploads\/2017\/01\/Ina-Spang-M\u00c3\u00bcnchen-Autorin-Kinderb\u00c3\u00bccher-Jugendliteratur.jpg?resize=700%2C400 2x, https:\/\/i0.wp.com\/inaspang.de\/wp-content\/uploads\/2017\/01\/Ina-Spang-M\u00c3\u00bcnchen-Autorin-Kinderb\u00c3\u00bccher-Jugendliteratur.jpg?resize=1050%2C600 3x, https:\/\/i0.wp.com\/inaspang.de\/wp-content\/uploads\/2017\/01\/Ina-Spang-M\u00c3\u00bcnchen-Autorin-Kinderb\u00c3\u00bccher-Jugendliteratur.jpg?resize=1400%2C800 4x"},"classes":[]},{"id":207,"url":"https:\/\/inaspang.de\/?page_id=207","url_meta":{"origin":239,"position":3},"title":"Impressum","author":"InaSpang","date":"Januar 29, 2017","format":false,"excerpt":"Angaben gem\u00e4\u00df \u00a7 5 TMG: INA SPANG | Donnersbergerstr. 53 | 80634 M\u00fcnchen | ina[at]muddywhat[punkt]de Umsatzsteuer-Identifikationsnummer gem\u00e4\u00df \u00a7\u00a027 a Umsatzsteuergesetz: DE271703751 HAFTUNGSAUSSCHLUSS (DISCLAIMER) Haftung f\u00fcr Inhalte Als Diensteanbieter sind wir gem\u00e4\u00df \u00a7 7 Abs.1 TMG f\u00fcr eigene Inhalte auf diesen Seiten nach den allgemeinen Gesetzen verantwortlich. Nach \u00a7\u00a7 8 bis\u2026","rel":"","context":"\u00c4hnlicher Beitrag","block_context":{"text":"\u00c4hnlicher Beitrag","link":""},"img":{"alt_text":"","src":"","width":0,"height":0},"classes":[]},{"id":241,"url":"https:\/\/inaspang.de\/?page_id=241","url_meta":{"origin":239,"position":4},"title":"Ina.","author":"InaSpang","date":"Januar 31, 2017","format":false,"excerpt":"Ina Spang, Musikerin, Autorin & Illustratorin lebt in M\u00fcnchen. Ihr Regiestudium beendete sie 2010 mit dem in Rochester (USA) pr\u00e4mierten Kurzfilm \u201eF\u00fcr Hanna.\u201c. Als Musikerin ist Ina mit ihrer im Jahr 2006 gegr\u00fcndeten Band Muddy What? als Gitarristin und Mandolinenspielerin auf B\u00fchnen in ganz Deutschland zu Gast. Ina schreibt Geschichten\u2026","rel":"","context":"\u00c4hnlicher Beitrag","block_context":{"text":"\u00c4hnlicher Beitrag","link":""},"img":{"alt_text":"","src":"https:\/\/i0.wp.com\/inaspang.de\/wp-content\/uploads\/2017\/01\/Ina-Spang-1-250x300.jpg?resize=350%2C200","width":350,"height":200},"classes":[]},{"id":315,"url":"https:\/\/inaspang.de\/?page_id=315","url_meta":{"origin":239,"position":5},"title":"Datenschutzerkl\u00e4rung","author":"InaSpang","date":"Mai 25, 2018","format":false,"excerpt":"Datenschutzerkl\u00e4rung Diese Datenschutzerkl\u00e4rung kl\u00e4rt Sie \u00fcber die Art, den Umfang und Zweck der Verarbeitung von personenbezogenen Daten (nachfolgend kurz \u201eDaten\u201c) innerhalb unseres Onlineangebotes und der mit ihm verbundenen Webseiten, Funktionen und Inhalte sowie externen Onlinepr\u00e4senzen, wie z.B. unser Social Media Profile auf (nachfolgend gemeinsam bezeichnet als \u201eOnlineangebot\u201c). Im Hinblick auf\u2026","rel":"","context":"\u00c4hnlicher Beitrag","block_context":{"text":"\u00c4hnlicher Beitrag","link":""},"img":{"alt_text":"","src":"","width":0,"height":0},"classes":[]}],"_links":{"self":[{"href":"https:\/\/inaspang.de\/index.php?rest_route=\/wp\/v2\/pages\/239"}],"collection":[{"href":"https:\/\/inaspang.de\/index.php?rest_route=\/wp\/v2\/pages"}],"about":[{"href":"https:\/\/inaspang.de\/index.php?rest_route=\/wp\/v2\/types\/page"}],"author":[{"embeddable":true,"href":"https:\/\/inaspang.de\/index.php?rest_route=\/wp\/v2\/users\/1"}],"replies":[{"embeddable":true,"href":"https:\/\/inaspang.de\/index.php?rest_route=%2Fwp%2Fv2%2Fcomments&post=239"}],"version-history":[{"count":9,"href":"https:\/\/inaspang.de\/index.php?rest_route=\/wp\/v2\/pages\/239\/revisions"}],"predecessor-version":[{"id":665,"href":"https:\/\/inaspang.de\/index.php?rest_route=\/wp\/v2\/pages\/239\/revisions\/665"}],"wp:attachment":[{"href":"https:\/\/inaspang.de\/index.php?rest_route=%2Fwp%2Fv2%2Fmedia&parent=239"}],"curies":[{"name":"wp","href":"https:\/\/api.w.org\/{rel}","templated":true}]}}