{"id":207,"date":"2017-01-29T19:39:01","date_gmt":"2017-01-29T19:39:01","guid":{"rendered":"http:\/\/inaspang.de\/?page_id=207"},"modified":"2021-05-04T16:06:30","modified_gmt":"2021-05-04T16:06:30","slug":"impressum","status":"publish","type":"page","link":"https:\/\/inaspang.de\/?page_id=207","title":{"rendered":"Impressum"},"content":{"rendered":"<p><span style=\"font-family: 'Lucida Bright'; color: #808080; font-size: 12px;\">Angaben gem\u00e4\u00df \u00a7 5 TMG:<\/span><\/p>\n<p style=\"text-align: left;\"><span style=\"font-family: 'Lucida Bright'; color: #808080; font-size: 12px;\"><strong>INA SPANG | <\/strong><\/span><span style=\"font-family: 'Lucida Bright'; color: #808080; font-size: 12px;\">Donnersbergerstr. 53 | <\/span><span style=\"font-family: 'Lucida Bright'; color: #808080; font-size: 12px;\">80634 M\u00fcnchen | <\/span><span style=\"font-family: 'Lucida Bright'; color: #808080; font-size: 12px;\">ina[at]muddywhat[punkt]de<\/span><\/p>\n<p><span style=\"font-family: 'Lucida Bright'; color: #808080; font-size: 12px;\">Umsatzsteuer-Identifikationsnummer gem\u00e4\u00df \u00a7\u00a027 a Umsatzsteuergesetz: DE271703751<\/span><\/p>\n<hr \/>\n<p><span style=\"font-family: 'Lucida Bright'; color: #808080; font-size: 12px;\">HAFTUNGSAUSSCHLUSS (DISCLAIMER)<\/span><\/p>\n<p><span style=\"font-family: 'Lucida Bright'; color: #808080; font-size: 12px;\"><strong>Haftung f\u00fcr Inhalte<\/strong><\/span><\/p>\n<p><span style=\"font-family: 'Lucida Bright'; color: #808080; font-size: 12px;\">Als Diensteanbieter sind wir gem\u00e4\u00df \u00a7 7 Abs.1 TMG f\u00fcr eigene Inhalte auf diesen Seiten nach den allgemeinen Gesetzen verantwortlich. Nach \u00a7\u00a7 8 bis 10 TMG sind wir als Diensteanbieter jedoch nicht verpflichtet, \u00fcbermittelte oder gespeicherte fremde Informationen zu \u00fcberwachen oder nach Umst\u00e4nden zu forschen, die auf eine rechtswidrige T\u00e4tigkeit hinweisen. Verpflichtungen zur Entfernung oder Sperrung der Nutzung von Informationen nach den allgemeinen Gesetzen bleiben hiervon unber\u00fchrt. Eine diesbez\u00fcgliche Haftung ist jedoch erst ab dem Zeitpunkt der Kenntnis einer konkreten Rechtsverletzung m\u00f6glich. Bei Bekanntwerden von entsprechenden Rechtsverletzungen werden wir diese Inhalte umgehend entfernen.<\/span><\/p>\n<p><span style=\"font-family: 'Lucida Bright'; color: #808080; font-size: 12px;\"><strong>Haftung f\u00fcr Links<\/strong><\/span><\/p>\n<p><span style=\"font-family: 'Lucida Bright'; color: #808080; font-size: 12px;\">Unser Angebot enth\u00e4lt Links zu externen Webseiten Dritter, auf deren Inhalte wir keinen Einfluss haben. Deshalb k\u00f6nnen wir f\u00fcr diese fremden Inhalte auch keine Gew\u00e4hr \u00fcbernehmen. F\u00fcr die Inhalte der verlinkten Seiten ist stets der jeweilige Anbieter oder Betreiber der Seiten verantwortlich. Die verlinkten Seiten wurden zum Zeitpunkt der Verlinkung auf m\u00f6gliche Rechtsverst\u00f6\u00dfe \u00fcberpr\u00fcft. Rechtswidrige Inhalte waren zum Zeitpunkt der Verlinkung nicht erkennbar. Eine permanente inhaltliche Kontrolle der verlinkten Seiten ist jedoch ohne konkrete Anhaltspunkte einer Rechtsverletzung nicht zumutbar. Bei Bekanntwerden von Rechtsverletzungen werden wir derartige Links umgehend entfernen.<\/span><\/p>\n<p><span style=\"font-family: 'Lucida Bright'; color: #808080; font-size: 12px;\"><strong>Urheberrecht<\/strong><\/span><\/p>\n<p><span style=\"font-family: 'Lucida Bright'; color: #808080; font-size: 12px;\">Die durch die Seitenbetreiber erstellten Inhalte und Werke auf diesen Seiten unterliegen dem deutschen Urheberrecht. Die Vervielf\u00e4ltigung, Bearbeitung, Verbreitung und jede Art der Verwertung au\u00dferhalb der Grenzen des Urheberrechtes bed\u00fcrfen der schriftlichen Zustimmung des jeweiligen Autors bzw. Erstellers. Downloads und Kopien dieser Seite sind nur f\u00fcr den privaten, nicht kommerziellen Gebrauch gestattet. Soweit die Inhalte auf dieser Seite nicht vom Betreiber erstellt wurden, werden die Urheberrechte Dritter beachtet. Insbesondere werden Inhalte Dritter als solche gekennzeichnet. Sollten Sie trotzdem auf eine Urheberrechtsverletzung aufmerksam werden, bitten wir um einen entsprechenden Hinweis. Bei Bekanntwerden von Rechtsverletzungen werden wir derartige Inhalte umgehend entfernen.<\/span><\/p>\n<h6><span style=\"font-family: 'Lucida Bright'; color: #808080; font-size: 12px;\">QUELLE: <a style=\"color: #808080;\" href=\"http:\/\/www.e-recht24.de\/impressum-generator.html\" rel=\"nofollow\">HTTP:\/\/WWW.E-RECHT24.DE<\/a><\/span><\/h6>\n","protected":false},"excerpt":{"rendered":"<p>Angaben gem\u00e4\u00df \u00a7 5 TMG: INA SPANG | Donnersbergerstr. 53 | 80634 M\u00fcnchen | ina[at]muddywhat[punkt]de Umsatzsteuer-Identifikationsnummer gem\u00e4\u00df \u00a7\u00a027 a Umsatzsteuergesetz: DE271703751 HAFTUNGSAUSSCHLUSS (DISCLAIMER) Haftung f\u00fcr Inhalte Als Diensteanbieter sind wir gem\u00e4\u00df \u00a7 7 Abs.1 TMG f\u00fcr eigene Inhalte auf diesen Seiten nach den allgemeinen Gesetzen verantwortlich. Nach \u00a7\u00a7 8 bis 10 TMG sind wir als [&hellip;]<\/p>\n","protected":false},"author":1,"featured_media":0,"parent":0,"menu_order":8,"comment_status":"closed","ping_status":"closed","template":"","meta":[],"jetpack_sharing_enabled":true,"jetpack_shortlink":"https:\/\/wp.me\/P8kUCJ-3l","jetpack-related-posts":[{"id":241,"url":"https:\/\/inaspang.de\/?page_id=241","url_meta":{"origin":207,"position":0},"title":"Ina.","author":"InaSpang","date":"Januar 31, 2017","format":false,"excerpt":"Ina Spang, Musikerin, Autorin & Illustratorin lebt in M\u00fcnchen. Ihr Regiestudium beendete sie 2010 mit dem in Rochester (USA) pr\u00e4mierten Kurzfilm \u201eF\u00fcr Hanna.\u201c. Als Musikerin ist Ina mit ihrer im Jahr 2006 gegr\u00fcndeten Band Muddy What? als Gitarristin und Mandolinenspielerin auf B\u00fchnen in ganz Deutschland zu Gast. Ina schreibt Geschichten\u2026","rel":"","context":"\u00c4hnlicher Beitrag","block_context":{"text":"\u00c4hnlicher Beitrag","link":""},"img":{"alt_text":"","src":"https:\/\/i0.wp.com\/inaspang.de\/wp-content\/uploads\/2017\/01\/Ina-Spang-1-250x300.jpg?resize=350%2C200","width":350,"height":200},"classes":[]},{"id":239,"url":"https:\/\/inaspang.de\/?page_id=239","url_meta":{"origin":207,"position":1},"title":"Illustration","author":"InaSpang","date":"Januar 31, 2017","format":false,"excerpt":"Ver\u00f6ffentlichungen: Sommer, irgendwann (2022)96 Seiten, Kurzgeschichten, Lyrik und Bildkunst von Ina SpangUlli VerlagISBN: 978-3-947926-10-7 Ausmalbuch \"Ich bin\" - Schr\u00e4ge K\u00f6pfe zum Ausmalen (2021)58-seitiges Ausmalbuch mit kleinen GeschichtenUlli Verlag Korbinian Knopf (2021)32-seitiges Bilderbuch f\u00fcr Kinder ab 3 JahrenText & Illustration: Ina SpangUlli VerlagISBN: 978-3-947926-12-1 Wenn Gedanken tanzen (2021)72-seitiger GedichtbandText: Marie Theres\u2026","rel":"","context":"\u00c4hnlicher Beitrag","block_context":{"text":"\u00c4hnlicher Beitrag","link":""},"img":{"alt_text":"","src":"https:\/\/i0.wp.com\/inaspang.de\/wp-content\/uploads\/2017\/01\/Ina-Spang-M\u00c3\u00bcnchen-Illustration-Bilderb\u00c3\u00bccher-Kinderb\u00c3\u00bccher-Jugendliteratur.jpg?resize=350%2C200","width":350,"height":200,"srcset":"https:\/\/i0.wp.com\/inaspang.de\/wp-content\/uploads\/2017\/01\/Ina-Spang-M\u00c3\u00bcnchen-Illustration-Bilderb\u00c3\u00bccher-Kinderb\u00c3\u00bccher-Jugendliteratur.jpg?resize=350%2C200 1x, https:\/\/i0.wp.com\/inaspang.de\/wp-content\/uploads\/2017\/01\/Ina-Spang-M\u00c3\u00bcnchen-Illustration-Bilderb\u00c3\u00bccher-Kinderb\u00c3\u00bccher-Jugendliteratur.jpg?resize=525%2C300 1.5x, https:\/\/i0.wp.com\/inaspang.de\/wp-content\/uploads\/2017\/01\/Ina-Spang-M\u00c3\u00bcnchen-Illustration-Bilderb\u00c3\u00bccher-Kinderb\u00c3\u00bccher-Jugendliteratur.jpg?resize=700%2C400 2x, https:\/\/i0.wp.com\/inaspang.de\/wp-content\/uploads\/2017\/01\/Ina-Spang-M\u00c3\u00bcnchen-Illustration-Bilderb\u00c3\u00bccher-Kinderb\u00c3\u00bccher-Jugendliteratur.jpg?resize=1050%2C600 3x, https:\/\/i0.wp.com\/inaspang.de\/wp-content\/uploads\/2017\/01\/Ina-Spang-M\u00c3\u00bcnchen-Illustration-Bilderb\u00c3\u00bccher-Kinderb\u00c3\u00bccher-Jugendliteratur.jpg?resize=1400%2C800 4x"},"classes":[]},{"id":237,"url":"https:\/\/inaspang.de\/?page_id=237","url_meta":{"origin":207,"position":2},"title":"Kinder- &#038; Jugendliteratur","author":"InaSpang","date":"Januar 31, 2017","format":false,"excerpt":"Ver\u00f6ffentlichungen: Korbinian Knopf (2021)32-seitiges Bilderbuch f\u00fcr Kinder ab 3 JahrenText & Illustration: Ina SpangUlli VerlagISBN: 978-3-947926-12-1 Ausmalbuch \"Ich bin\" - Schr\u00e4ge K\u00f6pfe zum Ausmalen (2021)58-seitiges Ausmalbuch mit kleinen GeschichtenUlli Verlag Rhino sucht ein neues Zuhause (2018)32-seitiges Bilderbuch f\u00fcr Kinder ab 3 JahrenText & Illustration: Ina SpangUlli VerlagISBN: 978-3-947926-04-6 Dann &\u2026","rel":"","context":"\u00c4hnlicher Beitrag","block_context":{"text":"\u00c4hnlicher Beitrag","link":""},"img":{"alt_text":"","src":"https:\/\/i0.wp.com\/inaspang.de\/wp-content\/uploads\/2017\/01\/Ina-Spang-M\u00c3\u00bcnchen-Autorin-Kinderb\u00c3\u00bccher-Jugendliteratur.jpg?resize=350%2C200","width":350,"height":200,"srcset":"https:\/\/i0.wp.com\/inaspang.de\/wp-content\/uploads\/2017\/01\/Ina-Spang-M\u00c3\u00bcnchen-Autorin-Kinderb\u00c3\u00bccher-Jugendliteratur.jpg?resize=350%2C200 1x, https:\/\/i0.wp.com\/inaspang.de\/wp-content\/uploads\/2017\/01\/Ina-Spang-M\u00c3\u00bcnchen-Autorin-Kinderb\u00c3\u00bccher-Jugendliteratur.jpg?resize=525%2C300 1.5x, https:\/\/i0.wp.com\/inaspang.de\/wp-content\/uploads\/2017\/01\/Ina-Spang-M\u00c3\u00bcnchen-Autorin-Kinderb\u00c3\u00bccher-Jugendliteratur.jpg?resize=700%2C400 2x, https:\/\/i0.wp.com\/inaspang.de\/wp-content\/uploads\/2017\/01\/Ina-Spang-M\u00c3\u00bcnchen-Autorin-Kinderb\u00c3\u00bccher-Jugendliteratur.jpg?resize=1050%2C600 3x, https:\/\/i0.wp.com\/inaspang.de\/wp-content\/uploads\/2017\/01\/Ina-Spang-M\u00c3\u00bcnchen-Autorin-Kinderb\u00c3\u00bccher-Jugendliteratur.jpg?resize=1400%2C800 4x"},"classes":[]},{"id":231,"url":"https:\/\/inaspang.de\/?page_id=231","url_meta":{"origin":207,"position":3},"title":"Lyrik","author":"InaSpang","date":"Januar 31, 2017","format":false,"excerpt":"Ver\u00f6ffentlichungen: Sommer, irgendwann (2022) Kurzgeschichten, Lyrik und Bildkunst von Ina Spang Ulli Verlag ISBN: 978-3-947926-10-7 Jedem Anfang (2020) mit Eimer voller L\u00f6cher herausgegeben von Stephanie Mattner & Nadja Feischner ISBN: 978-3-7519-2141-1 Gefangensein - Drinnen & Drau\u00dfen\u00a0(2018) mit Farboasen muc Verlag Aufgehen in Dir (2016) mit\u00a0Aus Natur, zerw\u00fchlt\u00a0&\u00a0Zwischen fremden Orten herausgegeben\u2026","rel":"","context":"\u00c4hnlicher Beitrag","block_context":{"text":"\u00c4hnlicher Beitrag","link":""},"img":{"alt_text":"","src":"https:\/\/i0.wp.com\/inaspang.de\/wp-content\/uploads\/2017\/01\/Ina-Spang-Lyrik-M\u00c3\u00bcnchen-Autorin-Gedicht.jpg?resize=350%2C200","width":350,"height":200,"srcset":"https:\/\/i0.wp.com\/inaspang.de\/wp-content\/uploads\/2017\/01\/Ina-Spang-Lyrik-M\u00c3\u00bcnchen-Autorin-Gedicht.jpg?resize=350%2C200 1x, https:\/\/i0.wp.com\/inaspang.de\/wp-content\/uploads\/2017\/01\/Ina-Spang-Lyrik-M\u00c3\u00bcnchen-Autorin-Gedicht.jpg?resize=525%2C300 1.5x, https:\/\/i0.wp.com\/inaspang.de\/wp-content\/uploads\/2017\/01\/Ina-Spang-Lyrik-M\u00c3\u00bcnchen-Autorin-Gedicht.jpg?resize=700%2C400 2x, https:\/\/i0.wp.com\/inaspang.de\/wp-content\/uploads\/2017\/01\/Ina-Spang-Lyrik-M\u00c3\u00bcnchen-Autorin-Gedicht.jpg?resize=1050%2C600 3x, https:\/\/i0.wp.com\/inaspang.de\/wp-content\/uploads\/2017\/01\/Ina-Spang-Lyrik-M\u00c3\u00bcnchen-Autorin-Gedicht.jpg?resize=1400%2C800 4x"},"classes":[]},{"id":233,"url":"https:\/\/inaspang.de\/?page_id=233","url_meta":{"origin":207,"position":4},"title":"Prosa","author":"InaSpang","date":"Januar 31, 2017","format":false,"excerpt":"Ver\u00f6ffentlichungen: Sommer, irgendwann (2022) Kurzgeschichten, Lyrik und Bildkunst von Ina Spang Ulli Verlag ISBN: 978-3-947926-10-7 Zeitentanz\u00a0(2017) mit Wenn der Wind schlecht steht herausgegeben von Stephanie Mattner ISBN: 978-3-7448-3352-3 2. Bubenreuther Literaturwettbewerb (2016) mit Gelbe Punkte treditionVerlag, Hrsg. Christoph-Maria Liegener ISBN: 978-3-7345-6223-5 Texte des Monats 2016 (2016) mit Es wird morgen\u2026","rel":"","context":"\u00c4hnlicher Beitrag","block_context":{"text":"\u00c4hnlicher Beitrag","link":""},"img":{"alt_text":"","src":"https:\/\/i0.wp.com\/inaspang.de\/wp-content\/uploads\/2017\/01\/Ina-Spang-Prosa-M\u00c3\u00bcnchen-Autorin-Kurzgeschichtent.jpg?resize=350%2C200","width":350,"height":200,"srcset":"https:\/\/i0.wp.com\/inaspang.de\/wp-content\/uploads\/2017\/01\/Ina-Spang-Prosa-M\u00c3\u00bcnchen-Autorin-Kurzgeschichtent.jpg?resize=350%2C200 1x, https:\/\/i0.wp.com\/inaspang.de\/wp-content\/uploads\/2017\/01\/Ina-Spang-Prosa-M\u00c3\u00bcnchen-Autorin-Kurzgeschichtent.jpg?resize=525%2C300 1.5x, https:\/\/i0.wp.com\/inaspang.de\/wp-content\/uploads\/2017\/01\/Ina-Spang-Prosa-M\u00c3\u00bcnchen-Autorin-Kurzgeschichtent.jpg?resize=700%2C400 2x, https:\/\/i0.wp.com\/inaspang.de\/wp-content\/uploads\/2017\/01\/Ina-Spang-Prosa-M\u00c3\u00bcnchen-Autorin-Kurzgeschichtent.jpg?resize=1050%2C600 3x, https:\/\/i0.wp.com\/inaspang.de\/wp-content\/uploads\/2017\/01\/Ina-Spang-Prosa-M\u00c3\u00bcnchen-Autorin-Kurzgeschichtent.jpg?resize=1400%2C800 4x"},"classes":[]},{"id":315,"url":"https:\/\/inaspang.de\/?page_id=315","url_meta":{"origin":207,"position":5},"title":"Datenschutzerkl\u00e4rung","author":"InaSpang","date":"Mai 25, 2018","format":false,"excerpt":"Datenschutzerkl\u00e4rung Diese Datenschutzerkl\u00e4rung kl\u00e4rt Sie \u00fcber die Art, den Umfang und Zweck der Verarbeitung von personenbezogenen Daten (nachfolgend kurz \u201eDaten\u201c) innerhalb unseres Onlineangebotes und der mit ihm verbundenen Webseiten, Funktionen und Inhalte sowie externen Onlinepr\u00e4senzen, wie z.B. unser Social Media Profile auf (nachfolgend gemeinsam bezeichnet als \u201eOnlineangebot\u201c). Im Hinblick auf\u2026","rel":"","context":"\u00c4hnlicher Beitrag","block_context":{"text":"\u00c4hnlicher Beitrag","link":""},"img":{"alt_text":"","src":"","width":0,"height":0},"classes":[]}],"_links":{"self":[{"href":"https:\/\/inaspang.de\/index.php?rest_route=\/wp\/v2\/pages\/207"}],"collection":[{"href":"https:\/\/inaspang.de\/index.php?rest_route=\/wp\/v2\/pages"}],"about":[{"href":"https:\/\/inaspang.de\/index.php?rest_route=\/wp\/v2\/types\/page"}],"author":[{"embeddable":true,"href":"https:\/\/inaspang.de\/index.php?rest_route=\/wp\/v2\/users\/1"}],"replies":[{"embeddable":true,"href":"https:\/\/inaspang.de\/index.php?rest_route=%2Fwp%2Fv2%2Fcomments&post=207"}],"version-history":[{"count":6,"href":"https:\/\/inaspang.de\/index.php?rest_route=\/wp\/v2\/pages\/207\/revisions"}],"predecessor-version":[{"id":557,"href":"https:\/\/inaspang.de\/index.php?rest_route=\/wp\/v2\/pages\/207\/revisions\/557"}],"wp:attachment":[{"href":"https:\/\/inaspang.de\/index.php?rest_route=%2Fwp%2Fv2%2Fmedia&parent=207"}],"curies":[{"name":"wp","href":"https:\/\/api.w.org\/{rel}","templated":true}]}}